{"id":2611,"date":"2022-10-22T17:41:22","date_gmt":"2022-10-22T15:41:22","guid":{"rendered":"https:\/\/www.ttp-kunststoffprofile.de\/?page_id=2611"},"modified":"2026-02-21T14:44:31","modified_gmt":"2026-02-21T13:44:31","slug":"hout-facade-zonder-vergrijzing-2","status":"publish","type":"page","link":"https:\/\/www.ttp-kunststoffprofile.de\/nl\/ratgeber\/holzfassade-ohne-vergrauen\/","title":{"rendered":"Houten gevel zonder vergrijzing - RESYSTA gevelprofielen in houtlook"},"content":{"rendered":"\t\t<div data-elementor-type=\"wp-page\" data-elementor-id=\"2611\" class=\"elementor elementor-2611\" data-elementor-post-type=\"page\">\n\t\t\t\t\t\t<section class=\"elementor-section elementor-top-section elementor-element elementor-element-63330446 elementor-section-full_width elementor-section-height-default elementor-section-height-default\" data-id=\"63330446\" data-element_type=\"section\" data-e-type=\"section\">\n\t\t\t\t\t\t<div class=\"elementor-container elementor-column-gap-no\">\n\t\t\t\t\t<div class=\"elementor-column elementor-col-100 elementor-top-column elementor-element elementor-element-4931a54f\" data-id=\"4931a54f\" data-element_type=\"column\" data-e-type=\"column\">\n\t\t\t<div class=\"elementor-widget-wrap elementor-element-populated\">\n\t\t\t\t\t\t<div class=\"elementor-element elementor-element-37391bb8 elementor--h-position-left elementor--v-position-middle elementor-pagination-position-inside elementor-widget elementor-widget-slides\" data-id=\"37391bb8\" data-element_type=\"widget\" data-e-type=\"widget\" id=\"holzfassade\" data-settings=\"{&quot;navigation&quot;:&quot;dots&quot;,&quot;transition&quot;:&quot;fade&quot;,&quot;autoplay&quot;:&quot;yes&quot;,&quot;pause_on_hover&quot;:&quot;yes&quot;,&quot;pause_on_interaction&quot;:&quot;yes&quot;,&quot;autoplay_speed&quot;:5000,&quot;infinite&quot;:&quot;yes&quot;,&quot;transition_speed&quot;:500}\" data-widget_type=\"slides.default\">\n\t\t\t\t<div class=\"elementor-widget-container\">\n\t\t\t\t\t\t\t\t\t<div class=\"elementor-swiper\">\n\t\t\t\t\t<div class=\"elementor-slides-wrapper elementor-main-swiper swiper\" role=\"region\" aria-roledescription=\"carousel\" aria-label=\"Slider\" dir=\"ltr\" data-animation=\"zoomIn\">\n\t\t\t\t<div class=\"swiper-wrapper elementor-slides\">\n\t\t\t\t\t\t\t\t\t\t<div class=\"elementor-repeater-item-47ad3c7 swiper-slide\" role=\"group\" aria-roledescription=\"slide\"><div class=\"swiper-slide-bg elementor-ken-burns elementor-ken-burns--in\" role=\"img\" aria-label=\"Resysta Fassade ohne Vergrauen Header\"><\/div><div class=\"elementor-background-overlay\"><\/div><a class=\"swiper-slide-inner\" href=\"#terrassendielen\"><div class=\"swiper-slide-contents\"><div class=\"elementor-slide-heading\">Holzfassade ohne Vergrauen - RESYSTA Fassadenprofile in Holzoptik<\/div><div class=\"elementor-slide-description\">Ihre Holzfassade, die einst in einem satten Braunton schimmerte, verliert langsam an Farbe? Keine Panik, das ist der normale Lauf der Dinge. Im Folgenden erkl\u00e4ren wir, wie es zum Vergrauen Ihrer Holzfassade kommt und zeigen Ihnen eine L\u00f6sung, mit der Sie diese Sorge f\u00fcr immer los sind.  <\/div><div  class=\"elementor-button elementor-slide-button elementor-size-lg\">Vorteile<\/div><\/div><\/a><\/div>\t\t\t\t<\/div>\n\t\t\t\t\t\t\t<\/div>\n\t\t\t\t<\/div>\n\t\t\t\t\t\t\t\t<\/div>\n\t\t\t\t<\/div>\n\t\t\t\t<div class=\"elementor-element elementor-element-d97248 elementor-widget__width-auto elementor-fixed elementor-widget elementor-widget-button\" data-id=\"d97248\" data-element_type=\"widget\" data-e-type=\"widget\" data-settings=\"{&quot;_position&quot;:&quot;fixed&quot;}\" data-widget_type=\"button.default\">\n\t\t\t\t<div class=\"elementor-widget-container\">\n\t\t\t\t\t\t\t\t\t<div class=\"elementor-button-wrapper\">\n\t\t\t\t\t<a class=\"elementor-button elementor-button-link elementor-size-sm\" href=\"#resysta-kontakt\">\n\t\t\t\t\t\t<span class=\"elementor-button-content-wrapper\">\n\t\t\t\t\t\t\t\t\t<span class=\"elementor-button-text\">Kontakt aufnehmen<\/span>\n\t\t\t\t\t<\/span>\n\t\t\t\t\t<\/a>\n\t\t\t\t<\/div>\n\t\t\t\t\t\t\t\t<\/div>\n\t\t\t\t<\/div>\n\t\t\t\t\t<\/div>\n\t\t<\/div>\n\t\t\t\t\t<\/div>\n\t\t<\/section>\n\t\t\t\t<section class=\"elementor-section elementor-top-section elementor-element elementor-element-1db218d2 elementor-section-boxed elementor-section-height-default elementor-section-height-default\" data-id=\"1db218d2\" data-element_type=\"section\" data-e-type=\"section\">\n\t\t\t\t\t\t<div class=\"elementor-container elementor-column-gap-default\">\n\t\t\t\t\t<div class=\"elementor-column elementor-col-100 elementor-top-column elementor-element elementor-element-41df80a4\" data-id=\"41df80a4\" data-element_type=\"column\" data-e-type=\"column\">\n\t\t\t<div class=\"elementor-widget-wrap elementor-element-populated\">\n\t\t\t\t\t\t<div class=\"elementor-element elementor-element-5fd40716 elementor-align-left elementor-widget elementor-widget-breadcrumbs\" data-id=\"5fd40716\" data-element_type=\"widget\" data-e-type=\"widget\" data-widget_type=\"breadcrumbs.default\">\n\t\t\t\t<div class=\"elementor-widget-container\">\n\t\t\t\t\t<p id=\"breadcrumbs\"><span><span><a href=\"https:\/\/www.ttp-kunststoffprofile.de\/\">Startseite<\/a><\/span><\/span><\/p>\t\t\t\t<\/div>\n\t\t\t\t<\/div>\n\t\t\t\t\t<\/div>\n\t\t<\/div>\n\t\t\t\t\t<\/div>\n\t\t<\/section>\n\t\t\t\t<section class=\"elementor-section elementor-top-section elementor-element elementor-element-39712795 elementor-section-boxed elementor-section-height-default elementor-section-height-default\" data-id=\"39712795\" data-element_type=\"section\" data-e-type=\"section\">\n\t\t\t\t\t\t<div class=\"elementor-container elementor-column-gap-default\">\n\t\t\t\t\t<div class=\"elementor-column elementor-col-100 elementor-top-column elementor-element elementor-element-32ebc5f4\" data-id=\"32ebc5f4\" data-element_type=\"column\" data-e-type=\"column\">\n\t\t\t<div class=\"elementor-widget-wrap elementor-element-populated\">\n\t\t\t\t\t\t<div class=\"elementor-element elementor-element-3e07565b elementor-widget elementor-widget-heading\" data-id=\"3e07565b\" data-element_type=\"widget\" data-e-type=\"widget\" data-widget_type=\"heading.default\">\n\t\t\t\t<div class=\"elementor-widget-container\">\n\t\t\t\t\t<p class=\"elementor-heading-title elementor-size-default\">Neu bei uns: RESYSTA Fassadenprofile in Holzoptik<\/p>\t\t\t\t<\/div>\n\t\t\t\t<\/div>\n\t\t\t\t<div class=\"elementor-element elementor-element-1dc86e7b elementor-widget elementor-widget-heading\" data-id=\"1dc86e7b\" data-element_type=\"widget\" data-e-type=\"widget\" id=\"holzfassade\" data-widget_type=\"heading.default\">\n\t\t\t\t<div class=\"elementor-widget-container\">\n\t\t\t\t\t<h2 class=\"elementor-heading-title elementor-size-default\">Warum vergrauen Holzfassaden?<\/h2>\t\t\t\t<\/div>\n\t\t\t\t<\/div>\n\t\t\t\t\t<\/div>\n\t\t<\/div>\n\t\t\t\t\t<\/div>\n\t\t<\/section>\n\t\t\t\t<section class=\"elementor-section elementor-top-section elementor-element elementor-element-6126751d elementor-section-boxed elementor-section-height-default elementor-section-height-default\" data-id=\"6126751d\" data-element_type=\"section\" data-e-type=\"section\">\n\t\t\t\t\t\t<div class=\"elementor-container elementor-column-gap-default\">\n\t\t\t\t\t<div class=\"elementor-column elementor-col-50 elementor-top-column elementor-element elementor-element-471855\" data-id=\"471855\" data-element_type=\"column\" data-e-type=\"column\">\n\t\t\t<div class=\"elementor-widget-wrap elementor-element-populated\">\n\t\t\t\t\t\t<div class=\"elementor-element elementor-element-3f9bc3e7 elementor-widget elementor-widget-text-editor\" data-id=\"3f9bc3e7\" data-element_type=\"widget\" data-e-type=\"widget\" data-widget_type=\"text-editor.default\">\n\t\t\t\t<div class=\"elementor-widget-container\">\n\t\t\t\t\t\t\t\t\t<p><span data-contrast=\"none\">Bei Holz handelt es sich um einen nachwachsenden Rohstoff. Dementsprechend durchl\u00e4uft Holz einen permanenten Alterungsprozess. Auch beim Bau einer Fassade. Im Laufe der Zeit f\u00e4rbt sich die Oberfl\u00e4che einer Holzfassade auch durch den Einfluss der Witterung leicht gr\u00e4ulich \u2013 eine Ver\u00e4nderung, die sowohl struktureller<\/span><span data-contrast=\"none\">,<\/span><span data-contrast=\"none\"> als auch optischer Natur ist und sich schlichtweg nicht vermeiden l\u00e4sst. Dabei ist zu beachten, dass das Vergrauen bereits kurz nach Fertigstellung beginnt.<\/span><span data-ccp-props=\"{&quot;201341983&quot;:0,&quot;335559739&quot;:0,&quot;335559740&quot;:240}\">\u00a0<\/span><\/p>\t\t\t\t\t\t\t\t<\/div>\n\t\t\t\t<\/div>\n\t\t\t\t<div class=\"elementor-element elementor-element-22b8be1 elementor-align-left elementor-widget elementor-widget-button\" data-id=\"22b8be1\" data-element_type=\"widget\" data-e-type=\"widget\" data-widget_type=\"button.default\">\n\t\t\t\t<div class=\"elementor-widget-container\">\n\t\t\t\t\t\t\t\t\t<div class=\"elementor-button-wrapper\">\n\t\t\t\t\t<a class=\"elementor-button elementor-button-link elementor-size-lg elementor-animation-bounce-out\" href=\"https:\/\/www.ttp-kunststoffprofile.de\/resysta\/produkte\/resysta-fassadensystem\/\">\n\t\t\t\t\t\t<span class=\"elementor-button-content-wrapper\">\n\t\t\t\t\t\t<span class=\"elementor-button-icon\">\n\t\t\t\t<svg aria-hidden=\"true\" class=\"e-font-icon-svg e-fas-arrow-circle-right\" viewBox=\"0 0 512 512\" xmlns=\"http:\/\/www.w3.org\/2000\/svg\"><path d=\"M256 8c137 0 248 111 248 248S393 504 256 504 8 393 8 256 119 8 256 8zm-28.9 143.6l75.5 72.4H120c-13.3 0-24 10.7-24 24v16c0 13.3 10.7 24 24 24h182.6l-75.5 72.4c-9.7 9.3-9.9 24.8-.4 34.3l11 10.9c9.4 9.4 24.6 9.4 33.9 0L404.3 273c9.4-9.4 9.4-24.6 0-33.9L271.6 106.3c-9.4-9.4-24.6-9.4-33.9 0l-11 10.9c-9.5 9.6-9.3 25.1.4 34.4z\"><\/path><\/svg>\t\t\t<\/span>\n\t\t\t\t\t\t\t\t\t<span class=\"elementor-button-text\">Zum RESYSTA Fassadensystem<\/span>\n\t\t\t\t\t<\/span>\n\t\t\t\t\t<\/a>\n\t\t\t\t<\/div>\n\t\t\t\t\t\t\t\t<\/div>\n\t\t\t\t<\/div>\n\t\t\t\t\t<\/div>\n\t\t<\/div>\n\t\t\t\t<div class=\"elementor-column elementor-col-50 elementor-top-column elementor-element elementor-element-24786241\" data-id=\"24786241\" data-element_type=\"column\" data-e-type=\"column\">\n\t\t\t<div class=\"elementor-widget-wrap elementor-element-populated\">\n\t\t\t\t\t\t<div class=\"elementor-element elementor-element-4cb2f579 elementor-widget elementor-widget-image\" data-id=\"4cb2f579\" data-element_type=\"widget\" data-e-type=\"widget\" data-widget_type=\"image.default\">\n\t\t\t\t<div class=\"elementor-widget-container\">\n\t\t\t\t\t\t\t\t\t\t\t\t\t\t\t<img decoding=\"async\" src=\"https:\/\/www.ttp-kunststoffprofile.de\/wp-content\/uploads\/elementor\/thumbs\/Fassadenprofile-in-Holzoptik-ohne-Vergrauen-py1mzpx473eeh7rtg893bb5fv496fq4ff8zh5fhomm.jpg\" title=\"Fassadenprofile in Holzoptik ohne Vergrauen\" alt=\"Fassadenprofile in Holzoptik ohne Vergrauen\" loading=\"lazy\" \/>\t\t\t\t\t\t\t\t\t\t\t\t\t\t\t<\/div>\n\t\t\t\t<\/div>\n\t\t\t\t\t<\/div>\n\t\t<\/div>\n\t\t\t\t\t<\/div>\n\t\t<\/section>\n\t\t\t\t<section class=\"elementor-section elementor-top-section elementor-element elementor-element-283502f8 elementor-section-boxed elementor-section-height-default elementor-section-height-default\" data-id=\"283502f8\" data-element_type=\"section\" data-e-type=\"section\" data-settings=\"{&quot;background_background&quot;:&quot;classic&quot;}\">\n\t\t\t\t\t\t<div class=\"elementor-container elementor-column-gap-default\">\n\t\t\t\t\t<div class=\"elementor-column elementor-col-100 elementor-top-column elementor-element elementor-element-3772f104\" data-id=\"3772f104\" data-element_type=\"column\" data-e-type=\"column\">\n\t\t\t<div class=\"elementor-widget-wrap elementor-element-populated\">\n\t\t\t\t\t\t<div class=\"elementor-element elementor-element-1cb42f7d elementor-widget elementor-widget-heading\" data-id=\"1cb42f7d\" data-element_type=\"widget\" data-e-type=\"widget\" data-widget_type=\"heading.default\">\n\t\t\t\t<div class=\"elementor-widget-container\">\n\t\t\t\t\t<h2 class=\"elementor-heading-title elementor-size-default\">Welche Faktoren beeinflussen das Vergrauen von Holzfassaden<\/h2>\t\t\t\t<\/div>\n\t\t\t\t<\/div>\n\t\t\t\t<div class=\"elementor-element elementor-element-f11c0c5 elementor-widget elementor-widget-text-editor\" data-id=\"f11c0c5\" data-element_type=\"widget\" data-e-type=\"widget\" data-widget_type=\"text-editor.default\">\n\t\t\t\t<div class=\"elementor-widget-container\">\n\t\t\t\t\t\t\t\t\t<p><span data-ccp-props=\"{&quot;201341983&quot;:0,&quot;335559739&quot;:0,&quot;335559740&quot;:240}\"><span class=\"TextRun SCXW216256504 BCX2\" lang=\"DE-DE\" xml:lang=\"DE-DE\" data-contrast=\"none\"><span class=\"NormalTextRun SCXW216256504 BCX2\">In erster Linie verantwortlich f\u00fcr das Vergrauen von Holzfassaden sind<\/span><\/span>:<\/span><\/p>\t\t\t\t\t\t\t\t<\/div>\n\t\t\t\t<\/div>\n\t\t\t\t<div class=\"elementor-element elementor-element-4dbbe0d elementor-icon-list--layout-traditional elementor-list-item-link-full_width elementor-widget elementor-widget-icon-list\" data-id=\"4dbbe0d\" data-element_type=\"widget\" data-e-type=\"widget\" data-widget_type=\"icon-list.default\">\n\t\t\t\t<div class=\"elementor-widget-container\">\n\t\t\t\t\t\t\t<ul class=\"elementor-icon-list-items\">\n\t\t\t\t\t\t\t<li class=\"elementor-icon-list-item\">\n\t\t\t\t\t\t\t\t\t\t\t<span class=\"elementor-icon-list-icon\">\n\t\t\t\t\t\t\t<svg aria-hidden=\"true\" class=\"e-font-icon-svg e-fas-check-circle\" viewBox=\"0 0 512 512\" xmlns=\"http:\/\/www.w3.org\/2000\/svg\"><path d=\"M504 256c0 136.967-111.033 248-248 248S8 392.967 8 256 119.033 8 256 8s248 111.033 248 248zM227.314 387.314l184-184c6.248-6.248 6.248-16.379 0-22.627l-22.627-22.627c-6.248-6.249-16.379-6.249-22.628 0L216 308.118l-70.059-70.059c-6.248-6.248-16.379-6.248-22.628 0l-22.627 22.627c-6.248 6.248-6.248 16.379 0 22.627l104 104c6.249 6.249 16.379 6.249 22.628.001z\"><\/path><\/svg>\t\t\t\t\t\t<\/span>\n\t\t\t\t\t\t\t\t\t\t<span class=\"elementor-icon-list-text\">Sonneneinstrahlung<\/span>\n\t\t\t\t\t\t\t\t\t<\/li>\n\t\t\t\t\t\t\t\t<li class=\"elementor-icon-list-item\">\n\t\t\t\t\t\t\t\t\t\t\t<span class=\"elementor-icon-list-icon\">\n\t\t\t\t\t\t\t<svg aria-hidden=\"true\" class=\"e-font-icon-svg e-fas-check-circle\" viewBox=\"0 0 512 512\" xmlns=\"http:\/\/www.w3.org\/2000\/svg\"><path d=\"M504 256c0 136.967-111.033 248-248 248S8 392.967 8 256 119.033 8 256 8s248 111.033 248 248zM227.314 387.314l184-184c6.248-6.248 6.248-16.379 0-22.627l-22.627-22.627c-6.248-6.249-16.379-6.249-22.628 0L216 308.118l-70.059-70.059c-6.248-6.248-16.379-6.248-22.628 0l-22.627 22.627c-6.248 6.248-6.248 16.379 0 22.627l104 104c6.249 6.249 16.379 6.249 22.628.001z\"><\/path><\/svg>\t\t\t\t\t\t<\/span>\n\t\t\t\t\t\t\t\t\t\t<span class=\"elementor-icon-list-text\">Regen <\/span>\n\t\t\t\t\t\t\t\t\t<\/li>\n\t\t\t\t\t\t\t\t<li class=\"elementor-icon-list-item\">\n\t\t\t\t\t\t\t\t\t\t\t<span class=\"elementor-icon-list-icon\">\n\t\t\t\t\t\t\t<svg aria-hidden=\"true\" class=\"e-font-icon-svg e-fas-check-circle\" viewBox=\"0 0 512 512\" xmlns=\"http:\/\/www.w3.org\/2000\/svg\"><path d=\"M504 256c0 136.967-111.033 248-248 248S8 392.967 8 256 119.033 8 256 8s248 111.033 248 248zM227.314 387.314l184-184c6.248-6.248 6.248-16.379 0-22.627l-22.627-22.627c-6.248-6.249-16.379-6.249-22.628 0L216 308.118l-70.059-70.059c-6.248-6.248-16.379-6.248-22.628 0l-22.627 22.627c-6.248 6.248-6.248 16.379 0 22.627l104 104c6.249 6.249 16.379 6.249 22.628.001z\"><\/path><\/svg>\t\t\t\t\t\t<\/span>\n\t\t\t\t\t\t\t\t\t\t<span class=\"elementor-icon-list-text\">Kondensat<\/span>\n\t\t\t\t\t\t\t\t\t<\/li>\n\t\t\t\t\t\t<\/ul>\n\t\t\t\t\t\t<\/div>\n\t\t\t\t<\/div>\n\t\t\t\t<div class=\"elementor-element elementor-element-221bc5d elementor-widget elementor-widget-text-editor\" data-id=\"221bc5d\" data-element_type=\"widget\" data-e-type=\"widget\" data-widget_type=\"text-editor.default\">\n\t\t\t\t<div class=\"elementor-widget-container\">\n\t\t\t\t\t\t\t\t\t<p><span data-contrast=\"none\">In welchem Ma\u00dfe diese drei Faktoren das Vergrauen Ihrer Holzfassade beeinflussen, zeigt der Unterschied zwischen gesch\u00fctzten Bereichen und solchen, die der Witterung ausgesetzt sind. Sie werden feststellen, dass die gesch\u00fctzten Bereiche auch nach vielen Jahren nicht die typische, leicht gr\u00e4uliche F\u00e4rbung eingenommen haben.\u00a0<\/span><span data-ccp-props=\"{&quot;201341983&quot;:0,&quot;335559739&quot;:0,&quot;335559740&quot;:240}\">\u00a0<\/span><\/p><p><span data-contrast=\"none\">In welcher Intensit\u00e4t die Vergrauung einsetzt, wir<\/span><span data-contrast=\"none\">d<\/span><span data-contrast=\"none\"> ebenfalls von mehreren <\/span><span data-contrast=\"none\">Einfl\u00fcssen<\/span><span data-contrast=\"none\"> bestimmt. Dazu z\u00e4hlen:\u00a0<\/span><span data-ccp-props=\"{&quot;201341983&quot;:0,&quot;335559739&quot;:0,&quot;335559740&quot;:240}\">\u00a0<\/span><\/p>\t\t\t\t\t\t\t\t<\/div>\n\t\t\t\t<\/div>\n\t\t\t\t<div class=\"elementor-element elementor-element-97d9066 elementor-icon-list--layout-traditional elementor-list-item-link-full_width elementor-widget elementor-widget-icon-list\" data-id=\"97d9066\" data-element_type=\"widget\" data-e-type=\"widget\" data-widget_type=\"icon-list.default\">\n\t\t\t\t<div class=\"elementor-widget-container\">\n\t\t\t\t\t\t\t<ul class=\"elementor-icon-list-items\">\n\t\t\t\t\t\t\t<li class=\"elementor-icon-list-item\">\n\t\t\t\t\t\t\t\t\t\t\t<span class=\"elementor-icon-list-icon\">\n\t\t\t\t\t\t\t<svg aria-hidden=\"true\" class=\"e-font-icon-svg e-fas-check-circle\" viewBox=\"0 0 512 512\" xmlns=\"http:\/\/www.w3.org\/2000\/svg\"><path d=\"M504 256c0 136.967-111.033 248-248 248S8 392.967 8 256 119.033 8 256 8s248 111.033 248 248zM227.314 387.314l184-184c6.248-6.248 6.248-16.379 0-22.627l-22.627-22.627c-6.248-6.249-16.379-6.249-22.628 0L216 308.118l-70.059-70.059c-6.248-6.248-16.379-6.248-22.628 0l-22.627 22.627c-6.248 6.248-6.248 16.379 0 22.627l104 104c6.249 6.249 16.379 6.249 22.628.001z\"><\/path><\/svg>\t\t\t\t\t\t<\/span>\n\t\t\t\t\t\t\t\t\t\t<span class=\"elementor-icon-list-text\">Klimatische Bedingungen  <\/span>\n\t\t\t\t\t\t\t\t\t<\/li>\n\t\t\t\t\t\t\t\t<li class=\"elementor-icon-list-item\">\n\t\t\t\t\t\t\t\t\t\t\t<span class=\"elementor-icon-list-icon\">\n\t\t\t\t\t\t\t<svg aria-hidden=\"true\" class=\"e-font-icon-svg e-fas-check-circle\" viewBox=\"0 0 512 512\" xmlns=\"http:\/\/www.w3.org\/2000\/svg\"><path d=\"M504 256c0 136.967-111.033 248-248 248S8 392.967 8 256 119.033 8 256 8s248 111.033 248 248zM227.314 387.314l184-184c6.248-6.248 6.248-16.379 0-22.627l-22.627-22.627c-6.248-6.249-16.379-6.249-22.628 0L216 308.118l-70.059-70.059c-6.248-6.248-16.379-6.248-22.628 0l-22.627 22.627c-6.248 6.248-6.248 16.379 0 22.627l104 104c6.249 6.249 16.379 6.249 22.628.001z\"><\/path><\/svg>\t\t\t\t\t\t<\/span>\n\t\t\t\t\t\t\t\t\t\t<span class=\"elementor-icon-list-text\">Relative Luftfeuchtigkeit  <\/span>\n\t\t\t\t\t\t\t\t\t<\/li>\n\t\t\t\t\t\t\t\t<li class=\"elementor-icon-list-item\">\n\t\t\t\t\t\t\t\t\t\t\t<span class=\"elementor-icon-list-icon\">\n\t\t\t\t\t\t\t<svg aria-hidden=\"true\" class=\"e-font-icon-svg e-fas-check-circle\" viewBox=\"0 0 512 512\" xmlns=\"http:\/\/www.w3.org\/2000\/svg\"><path d=\"M504 256c0 136.967-111.033 248-248 248S8 392.967 8 256 119.033 8 256 8s248 111.033 248 248zM227.314 387.314l184-184c6.248-6.248 6.248-16.379 0-22.627l-22.627-22.627c-6.248-6.249-16.379-6.249-22.628 0L216 308.118l-70.059-70.059c-6.248-6.248-16.379-6.248-22.628 0l-22.627 22.627c-6.248 6.248-6.248 16.379 0 22.627l104 104c6.249 6.249 16.379 6.249 22.628.001z\"><\/path><\/svg>\t\t\t\t\t\t<\/span>\n\t\t\t\t\t\t\t\t\t\t<span class=\"elementor-icon-list-text\">Konstruktive Gestaltungsmerkmale  <\/span>\n\t\t\t\t\t\t\t\t\t<\/li>\n\t\t\t\t\t\t\t\t<li class=\"elementor-icon-list-item\">\n\t\t\t\t\t\t\t\t\t\t\t<span class=\"elementor-icon-list-icon\">\n\t\t\t\t\t\t\t<svg aria-hidden=\"true\" class=\"e-font-icon-svg e-fas-check-circle\" viewBox=\"0 0 512 512\" xmlns=\"http:\/\/www.w3.org\/2000\/svg\"><path d=\"M504 256c0 136.967-111.033 248-248 248S8 392.967 8 256 119.033 8 256 8s248 111.033 248 248zM227.314 387.314l184-184c6.248-6.248 6.248-16.379 0-22.627l-22.627-22.627c-6.248-6.249-16.379-6.249-22.628 0L216 308.118l-70.059-70.059c-6.248-6.248-16.379-6.248-22.628 0l-22.627 22.627c-6.248 6.248-6.248 16.379 0 22.627l104 104c6.249 6.249 16.379 6.249 22.628.001z\"><\/path><\/svg>\t\t\t\t\t\t<\/span>\n\t\t\t\t\t\t\t\t\t\t<span class=\"elementor-icon-list-text\">Art des Holzes und des Einschnittes   <\/span>\n\t\t\t\t\t\t\t\t\t<\/li>\n\t\t\t\t\t\t\t\t<li class=\"elementor-icon-list-item\">\n\t\t\t\t\t\t\t\t\t\t\t<span class=\"elementor-icon-list-icon\">\n\t\t\t\t\t\t\t<svg aria-hidden=\"true\" class=\"e-font-icon-svg e-fas-check-circle\" viewBox=\"0 0 512 512\" xmlns=\"http:\/\/www.w3.org\/2000\/svg\"><path d=\"M504 256c0 136.967-111.033 248-248 248S8 392.967 8 256 119.033 8 256 8s248 111.033 248 248zM227.314 387.314l184-184c6.248-6.248 6.248-16.379 0-22.627l-22.627-22.627c-6.248-6.249-16.379-6.249-22.628 0L216 308.118l-70.059-70.059c-6.248-6.248-16.379-6.248-22.628 0l-22.627 22.627c-6.248 6.248-6.248 16.379 0 22.627l104 104c6.249 6.249 16.379 6.249 22.628.001z\"><\/path><\/svg>\t\t\t\t\t\t<\/span>\n\t\t\t\t\t\t\t\t\t\t<span class=\"elementor-icon-list-text\">Verlegerichtung (vertikal oder horizontal) <\/span>\n\t\t\t\t\t\t\t\t\t<\/li>\n\t\t\t\t\t\t<\/ul>\n\t\t\t\t\t\t<\/div>\n\t\t\t\t<\/div>\n\t\t\t\t<div class=\"elementor-element elementor-element-5950e55 elementor-align-left elementor-widget elementor-widget-button\" data-id=\"5950e55\" data-element_type=\"widget\" data-e-type=\"widget\" data-widget_type=\"button.default\">\n\t\t\t\t<div class=\"elementor-widget-container\">\n\t\t\t\t\t\t\t\t\t<div class=\"elementor-button-wrapper\">\n\t\t\t\t\t<a class=\"elementor-button elementor-button-link elementor-size-lg elementor-animation-bounce-out\" href=\"https:\/\/www.ttp-kunststoffprofile.de\/resysta\/produkte\/resysta-fassadensystem\/\">\n\t\t\t\t\t\t<span class=\"elementor-button-content-wrapper\">\n\t\t\t\t\t\t<span class=\"elementor-button-icon\">\n\t\t\t\t<svg aria-hidden=\"true\" class=\"e-font-icon-svg e-fas-arrow-circle-right\" viewBox=\"0 0 512 512\" xmlns=\"http:\/\/www.w3.org\/2000\/svg\"><path d=\"M256 8c137 0 248 111 248 248S393 504 256 504 8 393 8 256 119 8 256 8zm-28.9 143.6l75.5 72.4H120c-13.3 0-24 10.7-24 24v16c0 13.3 10.7 24 24 24h182.6l-75.5 72.4c-9.7 9.3-9.9 24.8-.4 34.3l11 10.9c9.4 9.4 24.6 9.4 33.9 0L404.3 273c9.4-9.4 9.4-24.6 0-33.9L271.6 106.3c-9.4-9.4-24.6-9.4-33.9 0l-11 10.9c-9.5 9.6-9.3 25.1.4 34.4z\"><\/path><\/svg>\t\t\t<\/span>\n\t\t\t\t\t\t\t\t\t<span class=\"elementor-button-text\">Zum RESYSTA Fassadensystem<\/span>\n\t\t\t\t\t<\/span>\n\t\t\t\t\t<\/a>\n\t\t\t\t<\/div>\n\t\t\t\t\t\t\t\t<\/div>\n\t\t\t\t<\/div>\n\t\t\t\t\t<\/div>\n\t\t<\/div>\n\t\t\t\t\t<\/div>\n\t\t<\/section>\n\t\t\t\t<section class=\"elementor-section elementor-top-section elementor-element elementor-element-31a1bd61 elementor-section-boxed elementor-section-height-default elementor-section-height-default\" data-id=\"31a1bd61\" data-element_type=\"section\" data-e-type=\"section\" data-settings=\"{&quot;background_background&quot;:&quot;classic&quot;}\">\n\t\t\t\t\t\t\t<div class=\"elementor-background-overlay\"><\/div>\n\t\t\t\t\t\t\t<div class=\"elementor-container elementor-column-gap-no\">\n\t\t\t\t\t<div class=\"elementor-column elementor-col-100 elementor-top-column elementor-element elementor-element-6b9ca876\" data-id=\"6b9ca876\" data-element_type=\"column\" data-e-type=\"column\">\n\t\t\t<div class=\"elementor-widget-wrap\">\n\t\t\t\t\t\t\t<\/div>\n\t\t<\/div>\n\t\t\t\t\t<\/div>\n\t\t<\/section>\n\t\t\t\t<section class=\"elementor-section elementor-top-section elementor-element elementor-element-7df38b39 elementor-section-boxed elementor-section-height-default elementor-section-height-default\" data-id=\"7df38b39\" data-element_type=\"section\" data-e-type=\"section\">\n\t\t\t\t\t\t<div class=\"elementor-container elementor-column-gap-no\">\n\t\t\t\t\t<div class=\"elementor-column elementor-col-100 elementor-top-column elementor-element elementor-element-76ae493a\" data-id=\"76ae493a\" data-element_type=\"column\" data-e-type=\"column\">\n\t\t\t<div class=\"elementor-widget-wrap elementor-element-populated\">\n\t\t\t\t\t\t<div class=\"elementor-element elementor-element-405a59bb elementor-widget elementor-widget-heading\" data-id=\"405a59bb\" data-element_type=\"widget\" data-e-type=\"widget\" id=\"terrassendielen\" data-widget_type=\"heading.default\">\n\t\t\t\t<div class=\"elementor-widget-container\">\n\t\t\t\t\t<h2 class=\"elementor-heading-title elementor-size-default\">Wie kann ich das Vergrauen meiner Holzfassade vermeiden?\u200b<\/h2>\t\t\t\t<\/div>\n\t\t\t\t<\/div>\n\t\t\t\t<div class=\"elementor-element elementor-element-22c1d9a5 elementor-widget elementor-widget-text-editor\" data-id=\"22c1d9a5\" data-element_type=\"widget\" data-e-type=\"widget\" data-widget_type=\"text-editor.default\">\n\t\t\t\t<div class=\"elementor-widget-container\">\n\t\t\t\t\t\t\t\t\t<p><span data-contrast=\"none\">Die einfache Antwort: <\/span><span data-contrast=\"none\">G<\/span><span data-contrast=\"none\">ar nicht. Zum einen, weil es sich bei Holz um einen nachwachsenden Rohstoff handelt, der folglich einen nat\u00fcrlichen Alterungsprozess durchl\u00e4uft. Zum anderen, weil Ihre Holzfassade zwangsl\u00e4ufig der Witterung ausgesetzt sein wird. Und genau <\/span><span data-contrast=\"none\">diese Einfl\u00fcsse sorgen <\/span><span data-contrast=\"none\">f\u00fcr den leicht gr\u00e4ulichen Farbton.\u00a0<\/span><span data-ccp-props=\"{&quot;201341983&quot;:0,&quot;335559739&quot;:0,&quot;335559740&quot;:240}\">\u00a0<\/span><\/p>\t\t\t\t\t\t\t\t<\/div>\n\t\t\t\t<\/div>\n\t\t\t\t<div class=\"elementor-element elementor-element-e31c088 elementor-widget elementor-widget-spacer\" data-id=\"e31c088\" data-element_type=\"widget\" data-e-type=\"widget\" data-widget_type=\"spacer.default\">\n\t\t\t\t<div class=\"elementor-widget-container\">\n\t\t\t\t\t\t\t<div class=\"elementor-spacer\">\n\t\t\t<div class=\"elementor-spacer-inner\"><\/div>\n\t\t<\/div>\n\t\t\t\t\t\t<\/div>\n\t\t\t\t<\/div>\n\t\t\t\t<section class=\"elementor-section elementor-inner-section elementor-element elementor-element-627e7e2 elementor-reverse-tablet elementor-reverse-mobile elementor-section-boxed elementor-section-height-default elementor-section-height-default\" data-id=\"627e7e2\" data-element_type=\"section\" data-e-type=\"section\">\n\t\t\t\t\t\t<div class=\"elementor-container elementor-column-gap-no\">\n\t\t\t\t\t<div class=\"elementor-column elementor-col-50 elementor-inner-column elementor-element elementor-element-411d1e86\" data-id=\"411d1e86\" data-element_type=\"column\" data-e-type=\"column\">\n\t\t\t<div class=\"elementor-widget-wrap elementor-element-populated\">\n\t\t\t\t\t\t<div class=\"elementor-element elementor-element-586b4ba elementor-widget elementor-widget-heading\" data-id=\"586b4ba\" data-element_type=\"widget\" data-e-type=\"widget\" data-widget_type=\"heading.default\">\n\t\t\t\t<div class=\"elementor-widget-container\">\n\t\t\t\t\t<h3 class=\"elementor-heading-title elementor-size-default\">Gibt es eine Alternative zu Holzfassaden, die ihren Farbton beibeh\u00e4lt?<\/h3>\t\t\t\t<\/div>\n\t\t\t\t<\/div>\n\t\t\t\t<div class=\"elementor-element elementor-element-ad9fe68 elementor-widget elementor-widget-text-editor\" data-id=\"ad9fe68\" data-element_type=\"widget\" data-e-type=\"widget\" data-widget_type=\"text-editor.default\">\n\t\t\t\t<div class=\"elementor-widget-container\">\n\t\t\t\t\t\t\t\t\t<p><span data-contrast=\"none\">Auch hier ist die Antwort einfach<\/span><span data-contrast=\"none\">: J<\/span><span data-contrast=\"none\">a, Resysta Fassadenprofile. Die Alternative zu Holzfassaden ohne Vergrauen. Noch nie geh\u00f6rt? Bei Resysta Material handelt es sich um ein Gemisch aus ca. 60 % Reish\u00fclsen, ca. 22 % Steinsalz und ca. 18 % Mineral\u00f6l. Reish\u00fclsen sind ein Abfallprodukt aus der Lebensmittelindustrie. Die Kombination macht Resysta nicht nur umweltvertr\u00e4glich, sondern auch extrem widerstandsf\u00e4hig gegen \u00e4u\u00dfere Einfl\u00fcsse wie Sonne, Regen oder Schnee. Gleichzeitig sieht Resysta <\/span><span data-contrast=\"none\">aus wie edles Tropenholz, f\u00fchlt sich an wie <\/span><span data-contrast=\"none\">hochwertig verarbeitetes Holz<\/span><span data-contrast=\"none\">, kommt aber ohne das F\u00e4llen eines einzigen Baumes aus. Und das ist nur ein Auszug aus der langen <\/span><span data-contrast=\"none\">Liste<\/span><span data-contrast=\"none\"> an Vorteilen, die Resysta Fassadenprofile bieten:<\/span><\/p>\t\t\t\t\t\t\t\t<\/div>\n\t\t\t\t<\/div>\n\t\t\t\t<div class=\"elementor-element elementor-element-1ea2c9b elementor-icon-list--layout-traditional elementor-list-item-link-full_width elementor-widget elementor-widget-icon-list\" data-id=\"1ea2c9b\" data-element_type=\"widget\" data-e-type=\"widget\" data-widget_type=\"icon-list.default\">\n\t\t\t\t<div class=\"elementor-widget-container\">\n\t\t\t\t\t\t\t<ul class=\"elementor-icon-list-items\">\n\t\t\t\t\t\t\t<li class=\"elementor-icon-list-item\">\n\t\t\t\t\t\t\t\t\t\t\t<span class=\"elementor-icon-list-icon\">\n\t\t\t\t\t\t\t<svg aria-hidden=\"true\" class=\"e-font-icon-svg e-fas-check-circle\" viewBox=\"0 0 512 512\" xmlns=\"http:\/\/www.w3.org\/2000\/svg\"><path d=\"M504 256c0 136.967-111.033 248-248 248S8 392.967 8 256 119.033 8 256 8s248 111.033 248 248zM227.314 387.314l184-184c6.248-6.248 6.248-16.379 0-22.627l-22.627-22.627c-6.248-6.249-16.379-6.249-22.628 0L216 308.118l-70.059-70.059c-6.248-6.248-16.379-6.248-22.628 0l-22.627 22.627c-6.248 6.248-6.248 16.379 0 22.627l104 104c6.249 6.249 16.379 6.249 22.628.001z\"><\/path><\/svg>\t\t\t\t\t\t<\/span>\n\t\t\t\t\t\t\t\t\t\t<span class=\"elementor-icon-list-text\">Warme, nat\u00fcrliche Haptik <\/span>\n\t\t\t\t\t\t\t\t\t<\/li>\n\t\t\t\t\t\t\t\t<li class=\"elementor-icon-list-item\">\n\t\t\t\t\t\t\t\t\t\t\t<span class=\"elementor-icon-list-icon\">\n\t\t\t\t\t\t\t<svg aria-hidden=\"true\" class=\"e-font-icon-svg e-fas-check-circle\" viewBox=\"0 0 512 512\" xmlns=\"http:\/\/www.w3.org\/2000\/svg\"><path d=\"M504 256c0 136.967-111.033 248-248 248S8 392.967 8 256 119.033 8 256 8s248 111.033 248 248zM227.314 387.314l184-184c6.248-6.248 6.248-16.379 0-22.627l-22.627-22.627c-6.248-6.249-16.379-6.249-22.628 0L216 308.118l-70.059-70.059c-6.248-6.248-16.379-6.248-22.628 0l-22.627 22.627c-6.248 6.248-6.248 16.379 0 22.627l104 104c6.249 6.249 16.379 6.249 22.628.001z\"><\/path><\/svg>\t\t\t\t\t\t<\/span>\n\t\t\t\t\t\t\t\t\t\t<span class=\"elementor-icon-list-text\">Naturgetreue Holzoptik <\/span>\n\t\t\t\t\t\t\t\t\t<\/li>\n\t\t\t\t\t\t\t\t<li class=\"elementor-icon-list-item\">\n\t\t\t\t\t\t\t\t\t\t\t<span class=\"elementor-icon-list-icon\">\n\t\t\t\t\t\t\t<svg aria-hidden=\"true\" class=\"e-font-icon-svg e-fas-check-circle\" viewBox=\"0 0 512 512\" xmlns=\"http:\/\/www.w3.org\/2000\/svg\"><path d=\"M504 256c0 136.967-111.033 248-248 248S8 392.967 8 256 119.033 8 256 8s248 111.033 248 248zM227.314 387.314l184-184c6.248-6.248 6.248-16.379 0-22.627l-22.627-22.627c-6.248-6.249-16.379-6.249-22.628 0L216 308.118l-70.059-70.059c-6.248-6.248-16.379-6.248-22.628 0l-22.627 22.627c-6.248 6.248-6.248 16.379 0 22.627l104 104c6.249 6.249 16.379 6.249 22.628.001z\"><\/path><\/svg>\t\t\t\t\t\t<\/span>\n\t\t\t\t\t\t\t\t\t\t<span class=\"elementor-icon-list-text\">Nachhaltig <\/span>\n\t\t\t\t\t\t\t\t\t<\/li>\n\t\t\t\t\t\t\t\t<li class=\"elementor-icon-list-item\">\n\t\t\t\t\t\t\t\t\t\t\t<span class=\"elementor-icon-list-icon\">\n\t\t\t\t\t\t\t<svg aria-hidden=\"true\" class=\"e-font-icon-svg e-fas-check-circle\" viewBox=\"0 0 512 512\" xmlns=\"http:\/\/www.w3.org\/2000\/svg\"><path d=\"M504 256c0 136.967-111.033 248-248 248S8 392.967 8 256 119.033 8 256 8s248 111.033 248 248zM227.314 387.314l184-184c6.248-6.248 6.248-16.379 0-22.627l-22.627-22.627c-6.248-6.249-16.379-6.249-22.628 0L216 308.118l-70.059-70.059c-6.248-6.248-16.379-6.248-22.628 0l-22.627 22.627c-6.248 6.248-6.248 16.379 0 22.627l104 104c6.249 6.249 16.379 6.249 22.628.001z\"><\/path><\/svg>\t\t\t\t\t\t<\/span>\n\t\t\t\t\t\t\t\t\t\t<span class=\"elementor-icon-list-text\">15 Jahre Gew\u00e4hrleistung    <\/span>\n\t\t\t\t\t\t\t\t\t<\/li>\n\t\t\t\t\t\t\t\t<li class=\"elementor-icon-list-item\">\n\t\t\t\t\t\t\t\t\t\t\t<span class=\"elementor-icon-list-icon\">\n\t\t\t\t\t\t\t<svg aria-hidden=\"true\" class=\"e-font-icon-svg e-fas-check-circle\" viewBox=\"0 0 512 512\" xmlns=\"http:\/\/www.w3.org\/2000\/svg\"><path d=\"M504 256c0 136.967-111.033 248-248 248S8 392.967 8 256 119.033 8 256 8s248 111.033 248 248zM227.314 387.314l184-184c6.248-6.248 6.248-16.379 0-22.627l-22.627-22.627c-6.248-6.249-16.379-6.249-22.628 0L216 308.118l-70.059-70.059c-6.248-6.248-16.379-6.248-22.628 0l-22.627 22.627c-6.248 6.248-6.248 16.379 0 22.627l104 104c6.249 6.249 16.379 6.249 22.628.001z\"><\/path><\/svg>\t\t\t\t\t\t<\/span>\n\t\t\t\t\t\t\t\t\t\t<span class=\"elementor-icon-list-text\">Montagefreundlich<\/span>\n\t\t\t\t\t\t\t\t\t<\/li>\n\t\t\t\t\t\t\t\t<li class=\"elementor-icon-list-item\">\n\t\t\t\t\t\t\t\t\t\t\t<span class=\"elementor-icon-list-icon\">\n\t\t\t\t\t\t\t<svg aria-hidden=\"true\" class=\"e-font-icon-svg e-fas-check-circle\" viewBox=\"0 0 512 512\" xmlns=\"http:\/\/www.w3.org\/2000\/svg\"><path d=\"M504 256c0 136.967-111.033 248-248 248S8 392.967 8 256 119.033 8 256 8s248 111.033 248 248zM227.314 387.314l184-184c6.248-6.248 6.248-16.379 0-22.627l-22.627-22.627c-6.248-6.249-16.379-6.249-22.628 0L216 308.118l-70.059-70.059c-6.248-6.248-16.379-6.248-22.628 0l-22.627 22.627c-6.248 6.248-6.248 16.379 0 22.627l104 104c6.249 6.249 16.379 6.249 22.628.001z\"><\/path><\/svg>\t\t\t\t\t\t<\/span>\n\t\t\t\t\t\t\t\t\t\t<span class=\"elementor-icon-list-text\">Wasser- &amp; UV-resistent <\/span>\n\t\t\t\t\t\t\t\t\t<\/li>\n\t\t\t\t\t\t\t\t<li class=\"elementor-icon-list-item\">\n\t\t\t\t\t\t\t\t\t\t\t<span class=\"elementor-icon-list-icon\">\n\t\t\t\t\t\t\t<svg aria-hidden=\"true\" class=\"e-font-icon-svg e-fas-check-circle\" viewBox=\"0 0 512 512\" xmlns=\"http:\/\/www.w3.org\/2000\/svg\"><path d=\"M504 256c0 136.967-111.033 248-248 248S8 392.967 8 256 119.033 8 256 8s248 111.033 248 248zM227.314 387.314l184-184c6.248-6.248 6.248-16.379 0-22.627l-22.627-22.627c-6.248-6.249-16.379-6.249-22.628 0L216 308.118l-70.059-70.059c-6.248-6.248-16.379-6.248-22.628 0l-22.627 22.627c-6.248 6.248-6.248 16.379 0 22.627l104 104c6.249 6.249 16.379 6.249 22.628.001z\"><\/path><\/svg>\t\t\t\t\t\t<\/span>\n\t\t\t\t\t\t\t\t\t\t<span class=\"elementor-icon-list-text\">Resistent gegen Chlor- und Salzwasser <\/span>\n\t\t\t\t\t\t\t\t\t<\/li>\n\t\t\t\t\t\t\t\t<li class=\"elementor-icon-list-item\">\n\t\t\t\t\t\t\t\t\t\t\t<span class=\"elementor-icon-list-icon\">\n\t\t\t\t\t\t\t<svg aria-hidden=\"true\" class=\"e-font-icon-svg e-fas-check-circle\" viewBox=\"0 0 512 512\" xmlns=\"http:\/\/www.w3.org\/2000\/svg\"><path d=\"M504 256c0 136.967-111.033 248-248 248S8 392.967 8 256 119.033 8 256 8s248 111.033 248 248zM227.314 387.314l184-184c6.248-6.248 6.248-16.379 0-22.627l-22.627-22.627c-6.248-6.249-16.379-6.249-22.628 0L216 308.118l-70.059-70.059c-6.248-6.248-16.379-6.248-22.628 0l-22.627 22.627c-6.248 6.248-6.248 16.379 0 22.627l104 104c6.249 6.249 16.379 6.249 22.628.001z\"><\/path><\/svg>\t\t\t\t\t\t<\/span>\n\t\t\t\t\t\t\t\t\t\t<span class=\"elementor-icon-list-text\">Pflegeleicht<\/span>\n\t\t\t\t\t\t\t\t\t<\/li>\n\t\t\t\t\t\t\t\t<li class=\"elementor-icon-list-item\">\n\t\t\t\t\t\t\t\t\t\t\t<span class=\"elementor-icon-list-icon\">\n\t\t\t\t\t\t\t<svg aria-hidden=\"true\" class=\"e-font-icon-svg e-fas-check-circle\" viewBox=\"0 0 512 512\" xmlns=\"http:\/\/www.w3.org\/2000\/svg\"><path d=\"M504 256c0 136.967-111.033 248-248 248S8 392.967 8 256 119.033 8 256 8s248 111.033 248 248zM227.314 387.314l184-184c6.248-6.248 6.248-16.379 0-22.627l-22.627-22.627c-6.248-6.249-16.379-6.249-22.628 0L216 308.118l-70.059-70.059c-6.248-6.248-16.379-6.248-22.628 0l-22.627 22.627c-6.248 6.248-6.248 16.379 0 22.627l104 104c6.249 6.249 16.379 6.249 22.628.001z\"><\/path><\/svg>\t\t\t\t\t\t<\/span>\n\t\t\t\t\t\t\t\t\t\t<span class=\"elementor-icon-list-text\">MADE IN GERMANY <\/span>\n\t\t\t\t\t\t\t\t\t<\/li>\n\t\t\t\t\t\t<\/ul>\n\t\t\t\t\t\t<\/div>\n\t\t\t\t<\/div>\n\t\t\t\t<div class=\"elementor-element elementor-element-5d9a9da elementor-widget elementor-widget-text-editor\" data-id=\"5d9a9da\" data-element_type=\"widget\" data-e-type=\"widget\" data-widget_type=\"text-editor.default\">\n\t\t\t\t<div class=\"elementor-widget-container\">\n\t\t\t\t\t\t\t\t\t<p><span data-contrast=\"none\">Resysta Fassadenprofile sind die umweltvertr\u00e4gliche und widerstandsf\u00e4hige Alternative zu Holzfassaden. Ganz ohne Vergrauen!<\/span><\/p>\t\t\t\t\t\t\t\t<\/div>\n\t\t\t\t<\/div>\n\t\t\t\t<div class=\"elementor-element elementor-element-5298cbb elementor-align-left elementor-widget elementor-widget-button\" data-id=\"5298cbb\" data-element_type=\"widget\" data-e-type=\"widget\" data-widget_type=\"button.default\">\n\t\t\t\t<div class=\"elementor-widget-container\">\n\t\t\t\t\t\t\t\t\t<div class=\"elementor-button-wrapper\">\n\t\t\t\t\t<a class=\"elementor-button elementor-button-link elementor-size-lg elementor-animation-bounce-out\" href=\"https:\/\/www.ttp-kunststoffprofile.de\/resysta\/produkte\/resysta-fassadensystem\/\">\n\t\t\t\t\t\t<span class=\"elementor-button-content-wrapper\">\n\t\t\t\t\t\t<span class=\"elementor-button-icon\">\n\t\t\t\t<svg aria-hidden=\"true\" class=\"e-font-icon-svg e-fas-arrow-circle-right\" viewBox=\"0 0 512 512\" xmlns=\"http:\/\/www.w3.org\/2000\/svg\"><path d=\"M256 8c137 0 248 111 248 248S393 504 256 504 8 393 8 256 119 8 256 8zm-28.9 143.6l75.5 72.4H120c-13.3 0-24 10.7-24 24v16c0 13.3 10.7 24 24 24h182.6l-75.5 72.4c-9.7 9.3-9.9 24.8-.4 34.3l11 10.9c9.4 9.4 24.6 9.4 33.9 0L404.3 273c9.4-9.4 9.4-24.6 0-33.9L271.6 106.3c-9.4-9.4-24.6-9.4-33.9 0l-11 10.9c-9.5 9.6-9.3 25.1.4 34.4z\"><\/path><\/svg>\t\t\t<\/span>\n\t\t\t\t\t\t\t\t\t<span class=\"elementor-button-text\">Zum RESYSTA Fassadensystem<\/span>\n\t\t\t\t\t<\/span>\n\t\t\t\t\t<\/a>\n\t\t\t\t<\/div>\n\t\t\t\t\t\t\t\t<\/div>\n\t\t\t\t<\/div>\n\t\t\t\t\t<\/div>\n\t\t<\/div>\n\t\t\t\t<div class=\"elementor-column elementor-col-50 elementor-inner-column elementor-element elementor-element-7e2a346\" data-id=\"7e2a346\" data-element_type=\"column\" data-e-type=\"column\">\n\t\t\t<div class=\"elementor-widget-wrap elementor-element-populated\">\n\t\t\t\t\t\t<div class=\"elementor-element elementor-element-1e421e32 elementor-widget elementor-widget-image\" data-id=\"1e421e32\" data-element_type=\"widget\" data-e-type=\"widget\" data-widget_type=\"image.default\">\n\t\t\t\t<div class=\"elementor-widget-container\">\n\t\t\t\t\t\t\t\t\t\t\t\t\t\t\t<img fetchpriority=\"high\" decoding=\"async\" width=\"678\" height=\"387\" src=\"https:\/\/www.ttp-kunststoffprofile.de\/wp-content\/uploads\/2022\/11\/Resysta-Fassadenprofile-als-Alternative-zur-Holzfassade.jpg\" class=\"attachment-large size-large wp-image-2847\" alt=\"Resysta Fassadenprofile als Alternative zur Holzfassade\" srcset=\"https:\/\/www.ttp-kunststoffprofile.de\/wp-content\/uploads\/2022\/11\/Resysta-Fassadenprofile-als-Alternative-zur-Holzfassade.jpg 678w, https:\/\/www.ttp-kunststoffprofile.de\/wp-content\/uploads\/2022\/11\/Resysta-Fassadenprofile-als-Alternative-zur-Holzfassade-300x171.jpg 300w, https:\/\/www.ttp-kunststoffprofile.de\/wp-content\/uploads\/2022\/11\/Resysta-Fassadenprofile-als-Alternative-zur-Holzfassade-18x10.jpg 18w\" sizes=\"(max-width: 678px) 100vw, 678px\" \/>\t\t\t\t\t\t\t\t\t\t\t\t\t\t\t<\/div>\n\t\t\t\t<\/div>\n\t\t\t\t\t<\/div>\n\t\t<\/div>\n\t\t\t\t\t<\/div>\n\t\t<\/section>\n\t\t\t\t\t<\/div>\n\t\t<\/div>\n\t\t\t\t\t<\/div>\n\t\t<\/section>\n\t\t\t\t<section class=\"elementor-section elementor-top-section elementor-element elementor-element-47605779 elementor-section-boxed elementor-section-height-default elementor-section-height-default\" data-id=\"47605779\" data-element_type=\"section\" data-e-type=\"section\">\n\t\t\t\t\t\t<div class=\"elementor-container elementor-column-gap-no\">\n\t\t\t\t\t<div class=\"elementor-column elementor-col-100 elementor-top-column elementor-element elementor-element-1613a40e\" data-id=\"1613a40e\" data-element_type=\"column\" data-e-type=\"column\" data-settings=\"{&quot;background_background&quot;:&quot;classic&quot;}\">\n\t\t\t<div class=\"elementor-widget-wrap elementor-element-populated\">\n\t\t\t\t\t\t<section class=\"elementor-section elementor-inner-section elementor-element elementor-element-2fa944c6 elementor-section-full_width elementor-section-height-default elementor-section-height-default\" data-id=\"2fa944c6\" data-element_type=\"section\" data-e-type=\"section\">\n\t\t\t\t\t\t<div class=\"elementor-container elementor-column-gap-no\">\n\t\t\t\t\t<div class=\"elementor-column elementor-col-100 elementor-inner-column elementor-element elementor-element-7d0d31e8\" data-id=\"7d0d31e8\" data-element_type=\"column\" data-e-type=\"column\">\n\t\t\t<div class=\"elementor-widget-wrap elementor-element-populated\">\n\t\t\t\t\t\t<div class=\"elementor-element elementor-element-2f585d0b elementor-widget elementor-widget-heading\" data-id=\"2f585d0b\" data-element_type=\"widget\" data-e-type=\"widget\" data-widget_type=\"heading.default\">\n\t\t\t\t<div class=\"elementor-widget-container\">\n\t\t\t\t\t<p class=\"elementor-heading-title elementor-size-default\">Finden Sie die passenden Fassadenprofile in Holzoptik<\/p>\t\t\t\t<\/div>\n\t\t\t\t<\/div>\n\t\t\t\t<div class=\"elementor-element elementor-element-13309e41 elementor-widget elementor-widget-heading\" data-id=\"13309e41\" data-element_type=\"widget\" data-e-type=\"widget\" data-widget_type=\"heading.default\">\n\t\t\t\t<div class=\"elementor-widget-container\">\n\t\t\t\t\t<h3 class=\"elementor-heading-title elementor-size-default\">Das k\u00f6nnte Sie im Zusammenhang mit Holzfassaden ohne Vergrauen \u2013 RESYSTA Fassadenprofile in Holzoptik auch interessieren:\n<\/h3>\t\t\t\t<\/div>\n\t\t\t\t<\/div>\n\t\t\t\t\t<\/div>\n\t\t<\/div>\n\t\t\t\t\t<\/div>\n\t\t<\/section>\n\t\t\t\t<section class=\"elementor-section elementor-inner-section elementor-element elementor-element-455e2130 elementor-section-full_width elementor-section-height-default elementor-section-height-default\" data-id=\"455e2130\" data-element_type=\"section\" data-e-type=\"section\">\n\t\t\t\t\t\t<div class=\"elementor-container elementor-column-gap-no\">\n\t\t\t\t\t<div class=\"elementor-column elementor-col-50 elementor-inner-column elementor-element elementor-element-7aa75d8a\" data-id=\"7aa75d8a\" data-element_type=\"column\" data-e-type=\"column\">\n\t\t\t<div class=\"elementor-widget-wrap elementor-element-populated\">\n\t\t\t\t\t\t<div class=\"elementor-element elementor-element-32f164f6 elementor-widget elementor-widget-image\" data-id=\"32f164f6\" data-element_type=\"widget\" data-e-type=\"widget\" data-widget_type=\"image.default\">\n\t\t\t\t<div class=\"elementor-widget-container\">\n\t\t\t\t\t\t\t\t\t\t\t\t\t\t\t\t<a href=\"https:\/\/www.ttp-kunststoffprofile.de\/resysta\/produkte\/resysta-fassadenprofile\/\">\n\t\t\t\t\t\t\t<img decoding=\"async\" width=\"2560\" height=\"1721\" src=\"https:\/\/www.ttp-kunststoffprofile.de\/wp-content\/uploads\/2022\/11\/fassade-resysta-scaled-1.jpg\" class=\"attachment-full size-full wp-image-2824\" alt=\"Resysta Fassade ohne Vergrauen\" srcset=\"https:\/\/www.ttp-kunststoffprofile.de\/wp-content\/uploads\/2022\/11\/fassade-resysta-scaled-1.jpg 2560w, https:\/\/www.ttp-kunststoffprofile.de\/wp-content\/uploads\/2022\/11\/fassade-resysta-scaled-1-300x202.jpg 300w, https:\/\/www.ttp-kunststoffprofile.de\/wp-content\/uploads\/2022\/11\/fassade-resysta-scaled-1-1024x688.jpg 1024w, https:\/\/www.ttp-kunststoffprofile.de\/wp-content\/uploads\/2022\/11\/fassade-resysta-scaled-1-768x516.jpg 768w, https:\/\/www.ttp-kunststoffprofile.de\/wp-content\/uploads\/2022\/11\/fassade-resysta-scaled-1-1536x1033.jpg 1536w, https:\/\/www.ttp-kunststoffprofile.de\/wp-content\/uploads\/2022\/11\/fassade-resysta-scaled-1-2048x1377.jpg 2048w, https:\/\/www.ttp-kunststoffprofile.de\/wp-content\/uploads\/2022\/11\/fassade-resysta-scaled-1-18x12.jpg 18w\" sizes=\"(max-width: 2560px) 100vw, 2560px\" \/>\t\t\t\t\t\t\t\t<\/a>\n\t\t\t\t\t\t\t\t\t\t\t\t\t\t\t<\/div>\n\t\t\t\t<\/div>\n\t\t\t\t<div class=\"elementor-element elementor-element-24f4a63e elementor-widget elementor-widget-heading\" data-id=\"24f4a63e\" data-element_type=\"widget\" data-e-type=\"widget\" data-widget_type=\"heading.default\">\n\t\t\t\t<div class=\"elementor-widget-container\">\n\t\t\t\t\t<p class=\"elementor-heading-title elementor-size-default\"><a href=\"https:\/\/www.ttp-kunststoffprofile.de\/resysta\/produkte\/resysta-fassadenprofile\/\">Resysta Fassadenprofile<\/a><\/p>\t\t\t\t<\/div>\n\t\t\t\t<\/div>\n\t\t\t\t\t<\/div>\n\t\t<\/div>\n\t\t\t\t<div class=\"elementor-column elementor-col-50 elementor-inner-column elementor-element elementor-element-7256401\" data-id=\"7256401\" data-element_type=\"column\" data-e-type=\"column\">\n\t\t\t<div class=\"elementor-widget-wrap elementor-element-populated\">\n\t\t\t\t\t\t<div class=\"elementor-element elementor-element-2cbca433 elementor-widget elementor-widget-image\" data-id=\"2cbca433\" data-element_type=\"widget\" data-e-type=\"widget\" data-widget_type=\"image.default\">\n\t\t\t\t<div class=\"elementor-widget-container\">\n\t\t\t\t\t\t\t\t\t\t\t\t\t\t\t\t<a href=\"https:\/\/www.ttp-kunststoffprofile.de\/resysta\/produkte\/resysta-fassadensystem\/\">\n\t\t\t\t\t\t\t<img decoding=\"async\" width=\"800\" height=\"468\" src=\"https:\/\/www.ttp-kunststoffprofile.de\/wp-content\/uploads\/2022\/09\/Resysta-Fassadensysteme-1024x599.jpg\" class=\"attachment-large size-large wp-image-2471\" alt=\"Resysta Fassadensysteme\" srcset=\"https:\/\/www.ttp-kunststoffprofile.de\/wp-content\/uploads\/2022\/09\/Resysta-Fassadensysteme-1024x599.jpg 1024w, https:\/\/www.ttp-kunststoffprofile.de\/wp-content\/uploads\/2022\/09\/Resysta-Fassadensysteme-300x175.jpg 300w, https:\/\/www.ttp-kunststoffprofile.de\/wp-content\/uploads\/2022\/09\/Resysta-Fassadensysteme-768x449.jpg 768w, https:\/\/www.ttp-kunststoffprofile.de\/wp-content\/uploads\/2022\/09\/Resysta-Fassadensysteme-1536x898.jpg 1536w, https:\/\/www.ttp-kunststoffprofile.de\/wp-content\/uploads\/2022\/09\/Resysta-Fassadensysteme-2048x1198.jpg 2048w, https:\/\/www.ttp-kunststoffprofile.de\/wp-content\/uploads\/2022\/09\/Resysta-Fassadensysteme-18x12.jpg 18w\" sizes=\"(max-width: 800px) 100vw, 800px\" \/>\t\t\t\t\t\t\t\t<\/a>\n\t\t\t\t\t\t\t\t\t\t\t\t\t\t\t<\/div>\n\t\t\t\t<\/div>\n\t\t\t\t<div class=\"elementor-element elementor-element-3ab2c856 elementor-widget elementor-widget-heading\" data-id=\"3ab2c856\" data-element_type=\"widget\" data-e-type=\"widget\" data-widget_type=\"heading.default\">\n\t\t\t\t<div class=\"elementor-widget-container\">\n\t\t\t\t\t<p class=\"elementor-heading-title elementor-size-default\"><a href=\"https:\/\/www.ttp-kunststoffprofile.de\/resysta\/produkte\/resysta-fassadensystem\/\">Resysta Fassadensystem<\/a><\/p>\t\t\t\t<\/div>\n\t\t\t\t<\/div>\n\t\t\t\t\t<\/div>\n\t\t<\/div>\n\t\t\t\t\t<\/div>\n\t\t<\/section>\n\t\t\t\t\t<\/div>\n\t\t<\/div>\n\t\t\t\t\t<\/div>\n\t\t<\/section>\n\t\t\t\t<section class=\"elementor-section elementor-top-section elementor-element elementor-element-c3b7aab elementor-section-boxed elementor-section-height-default elementor-section-height-default\" data-id=\"c3b7aab\" data-element_type=\"section\" data-e-type=\"section\" id=\"resysta-kontakt\">\n\t\t\t\t\t\t<div class=\"elementor-container elementor-column-gap-default\">\n\t\t\t\t\t<div class=\"elementor-column elementor-col-50 elementor-top-column elementor-element elementor-element-2dea7511\" data-id=\"2dea7511\" data-element_type=\"column\" data-e-type=\"column\" data-settings=\"{&quot;background_background&quot;:&quot;classic&quot;}\">\n\t\t\t<div class=\"elementor-widget-wrap elementor-element-populated\">\n\t\t\t\t\t\t<div class=\"elementor-element elementor-element-2b29299 elementor-widget elementor-widget-heading\" data-id=\"2b29299\" data-element_type=\"widget\" data-e-type=\"widget\" data-widget_type=\"heading.default\">\n\t\t\t\t<div class=\"elementor-widget-container\">\n\t\t\t\t\t<p class=\"elementor-heading-title elementor-size-default\">Haben wir Ihr Interesse geweckt?<\/p>\t\t\t\t<\/div>\n\t\t\t\t<\/div>\n\t\t\t\t<div class=\"elementor-element elementor-element-63486c66 elementor-widget elementor-widget-text-editor\" data-id=\"63486c66\" data-element_type=\"widget\" data-e-type=\"widget\" data-widget_type=\"text-editor.default\">\n\t\t\t\t<div class=\"elementor-widget-container\">\n\t\t\t\t\t\t\t\t\t<p>Dann kontaktieren Sie uns und lassen Sie sich von unserem Team an ausgewiesenen Experten beraten. Gemeinsam finden wir die Ideall\u00f6sung f\u00fcr Ihre individuellen Anspr\u00fcche.\u00a0<\/p>\t\t\t\t\t\t\t\t<\/div>\n\t\t\t\t<\/div>\n\t\t\t\t<div class=\"elementor-element elementor-element-3a552042 resysta-text elementor-button-align-stretch elementor-widget elementor-widget-form\" data-id=\"3a552042\" data-element_type=\"widget\" data-e-type=\"widget\" data-settings=\"{&quot;step_next_label&quot;:&quot;Next&quot;,&quot;step_previous_label&quot;:&quot;Previous&quot;,&quot;button_width&quot;:&quot;100&quot;,&quot;step_type&quot;:&quot;number_text&quot;,&quot;step_icon_shape&quot;:&quot;circle&quot;}\" data-widget_type=\"form.default\">\n\t\t\t\t<div class=\"elementor-widget-container\">\n\t\t\t\t\t\t\t<form class=\"elementor-form\" method=\"post\" name=\"New Form\" aria-label=\"New Form\">\n\t\t\t<input type=\"hidden\" name=\"post_id\" value=\"2611\"\/>\n\t\t\t<input type=\"hidden\" name=\"form_id\" value=\"3a552042\"\/>\n\t\t\t<input type=\"hidden\" name=\"referer_title\" value=\"Holzfassade ohne Vergrauen \u2013 RESYSTA Fassadenprofile in Holzoptik | TTP Kunststoffprofile\" \/>\n\n\t\t\t\t\t\t\t<input type=\"hidden\" name=\"queried_id\" value=\"2611\"\/>\n\t\t\t\n\t\t\t<div class=\"elementor-form-fields-wrapper elementor-labels-\">\n\t\t\t\t\t\t\t\t<div class=\"elementor-field-type-text elementor-field-group elementor-column elementor-field-group-email elementor-col-50\">\n\t\t\t\t\t\t\t\t\t\t\t\t<label for=\"form-field-email\" class=\"elementor-field-label elementor-screen-only\">\n\t\t\t\t\t\t\t\tName\t\t\t\t\t\t\t<\/label>\n\t\t\t\t\t\t\t\t\t\t\t\t\t\t<input size=\"1\" type=\"text\" name=\"form_fields[email]\" id=\"form-field-email\" class=\"elementor-field elementor-size-sm  elementor-field-textual\" placeholder=\"Name\">\n\t\t\t\t\t\t\t\t\t\t\t<\/div>\n\t\t\t\t\t\t\t\t<div class=\"elementor-field-type-email elementor-field-group elementor-column elementor-field-group-field_d893d7a elementor-col-50 elementor-field-required\">\n\t\t\t\t\t\t\t\t\t\t\t\t<label for=\"form-field-field_d893d7a\" class=\"elementor-field-label elementor-screen-only\">\n\t\t\t\t\t\t\t\tE-Mail\t\t\t\t\t\t\t<\/label>\n\t\t\t\t\t\t\t\t\t\t\t\t\t\t<input size=\"1\" type=\"email\" name=\"form_fields[field_d893d7a]\" id=\"form-field-field_d893d7a\" class=\"elementor-field elementor-size-sm  elementor-field-textual\" placeholder=\"E-Mail *\" required=\"required\">\n\t\t\t\t\t\t\t\t\t\t\t<\/div>\n\t\t\t\t\t\t\t\t<div class=\"elementor-field-type-tel elementor-field-group elementor-column elementor-field-group-field_6e11133 elementor-col-50\">\n\t\t\t\t\t\t\t\t\t\t\t\t<label for=\"form-field-field_6e11133\" class=\"elementor-field-label elementor-screen-only\">\n\t\t\t\t\t\t\t\tTelefon\t\t\t\t\t\t\t<\/label>\n\t\t\t\t\t\t\t\t<input size=\"1\" type=\"tel\" name=\"form_fields[field_6e11133]\" id=\"form-field-field_6e11133\" class=\"elementor-field elementor-size-sm  elementor-field-textual\" placeholder=\"Telefon\" pattern=\"[0-9()#&amp;+*-=.]+\" title=\"Only numbers or phone characters (#, -, *, etc) are accepted.\">\n\n\t\t\t\t\t\t<\/div>\n\t\t\t\t\t\t\t\t<div class=\"elementor-field-type-select elementor-field-group elementor-column elementor-field-group-field_c844a8f elementor-col-50\">\n\t\t\t\t\t\t\t\t\t\t\t\t<label for=\"form-field-field_c844a8f\" class=\"elementor-field-label elementor-screen-only\">\n\t\t\t\t\t\t\t\tWas ben\u00f6tigen Sie?\t\t\t\t\t\t\t<\/label>\n\t\t\t\t\t\t\t\t<div class=\"elementor-field elementor-select-wrapper remove-before \">\n\t\t\t<div class=\"select-caret-down-wrapper\">\n\t\t\t\t<svg aria-hidden=\"true\" class=\"e-font-icon-svg e-eicon-caret-down\" viewBox=\"0 0 571.4 571.4\" xmlns=\"http:\/\/www.w3.org\/2000\/svg\"><path d=\"M571 393Q571 407 561 418L311 668Q300 679 286 679T261 668L11 418Q0 407 0 393T11 368 36 357H536Q550 357 561 368T571 393Z\"><\/path><\/svg>\t\t\t<\/div>\n\t\t\t<select name=\"form_fields[field_c844a8f]\" id=\"form-field-field_c844a8f\" class=\"elementor-field-textual elementor-size-sm\">\n\t\t\t\t\t\t\t\t\t<option value=\"Terrassendielen\">Terrassendielen<\/option>\n\t\t\t\t\t\t\t\t\t<option value=\"Unterkonstruktionssysteme\">Unterkonstruktionssysteme<\/option>\n\t\t\t\t\t\t\t\t\t<option value=\"Fassadenprofile\">Fassadenprofile<\/option>\n\t\t\t\t\t\t\t\t\t<option value=\"Pooldeck\">Pooldeck<\/option>\n\t\t\t\t\t\t\t<\/select>\n\t\t<\/div>\n\t\t\t\t\t\t<\/div>\n\t\t\t\t\t\t\t\t<div class=\"elementor-field-type-textarea elementor-field-group elementor-column elementor-field-group-field_98544e7 elementor-col-100\">\n\t\t\t\t\t\t\t\t\t\t\t\t<label for=\"form-field-field_98544e7\" class=\"elementor-field-label elementor-screen-only\">\n\t\t\t\t\t\t\t\tDetails\t\t\t\t\t\t\t<\/label>\n\t\t\t\t\t\t<textarea class=\"elementor-field-textual elementor-field  elementor-size-sm\" name=\"form_fields[field_98544e7]\" id=\"form-field-field_98544e7\" rows=\"4\" placeholder=\"Was k\u00f6nnen wir f\u00fcr Sie tun?\"><\/textarea>\t\t\t\t<\/div>\n\t\t\t\t\t\t\t\t<div class=\"elementor-field-type-hcaptcha elementor-field-group elementor-column elementor-field-group-field_984cf55 elementor-col-100\">\n\t\t\t\t\t<div class=\"elementor-field\" id=\"form-field-field_984cf55\"><div class=\"elementor-hcaptcha\">\t\t<input\n\t\t\t\ttype=\"hidden\"\n\t\t\t\tclass=\"hcaptcha-widget-id\"\n\t\t\t\tname=\"hcaptcha-widget-id\"\n\t\t\t\tvalue=\"eyJzb3VyY2UiOlsiZWxlbWVudG9yLXByb1wvZWxlbWVudG9yLXByby5waHAiXSwiZm9ybV9pZCI6MH0=-9dbf0da471f6985acd4fda55b31d1283\">\n\t\t\t\t<h-captcha\n\t\t\tclass=\"h-captcha\"\n\t\t\tdata-sitekey=\"e7cba646-eaa0-40d0-8517-ef542cd53daf\"\n\t\t\tdata-theme=\"light\"\n\t\t\tdata-size=\"normal\"\n\t\t\tdata-auto=\"false\"\n\t\t\tdata-ajax=\"false\"\n\t\t\tdata-force=\"false\">\n\t\t<\/h-captcha>\n\t\t<\/div><\/div>\t\t\t\t<\/div>\n\t\t\t\t\t\t\t\t<div class=\"elementor-field-type-acceptance elementor-field-group elementor-column elementor-field-group-field_81e86c9 elementor-col-100 elementor-field-required\">\n\t\t\t\t\t\t\t\t\t\t\t\t<label for=\"form-field-field_81e86c9\" class=\"elementor-field-label elementor-screen-only\">\n\t\t\t\t\t\t\t\tDetails\t\t\t\t\t\t\t<\/label>\n\t\t\t\t\t\t\t\t<div class=\"elementor-field-subgroup\">\n\t\t\t<span class=\"elementor-field-option\">\n\t\t\t\t<input type=\"checkbox\" name=\"form_fields[field_81e86c9]\" id=\"form-field-field_81e86c9\" class=\"elementor-field elementor-size-sm  elementor-acceptance-field\" required=\"required\">\n\t\t\t\t<label for=\"form-field-field_81e86c9\">Ich habe die <a href=\"https:\/\/www.ttp-kunststoffprofile.de\/datenschutz\/\">Datenschutzerkl\u00e4rung<\/a> zur Kenntnis genommen. Ich stimme zu, dass meine Angaben und Daten zur Beantwortung meiner Anfrage elektronisch erhoben und gespeichert werden. <\/label>\t\t\t<\/span>\n\t\t<\/div>\n\t\t\t\t\t\t<\/div>\n\t\t\t\t\t\t\t\t<div class=\"elementor-field-group elementor-column elementor-field-type-submit elementor-col-100 e-form__buttons\">\n\t\t\t\t\t<button class=\"elementor-button elementor-size-lg elementor-animation-push\" type=\"submit\">\n\t\t\t\t\t\t<span class=\"elementor-button-content-wrapper\">\n\t\t\t\t\t\t\t\t\t\t\t\t\t\t\t\t\t\t\t\t\t\t<span class=\"elementor-button-text\">Senden<\/span>\n\t\t\t\t\t\t\t\t\t\t\t\t\t<\/span>\n\t\t\t\t\t<\/button>\n\t\t\t\t<\/div>\n\t\t\t<\/div>\n\t\t<\/form>\n\t\t\t\t\t\t<\/div>\n\t\t\t\t<\/div>\n\t\t\t\t\t<\/div>\n\t\t<\/div>\n\t\t\t\t<div class=\"elementor-column elementor-col-50 elementor-top-column elementor-element elementor-element-470a2d1c\" data-id=\"470a2d1c\" data-element_type=\"column\" data-e-type=\"column\" data-settings=\"{&quot;background_background&quot;:&quot;classic&quot;}\">\n\t\t\t<div class=\"elementor-widget-wrap elementor-element-populated\">\n\t\t\t\t\t\t<div class=\"elementor-element elementor-element-229beb1c elementor-widget elementor-widget-heading\" data-id=\"229beb1c\" data-element_type=\"widget\" data-e-type=\"widget\" data-widget_type=\"heading.default\">\n\t\t\t\t<div class=\"elementor-widget-container\">\n\t\t\t\t\t<p class=\"elementor-heading-title elementor-size-default\">Kontakt<\/p>\t\t\t\t<\/div>\n\t\t\t\t<\/div>\n\t\t\t\t<div class=\"elementor-element elementor-element-63fff062 elementor-widget elementor-widget-image\" data-id=\"63fff062\" data-element_type=\"widget\" data-e-type=\"widget\" data-widget_type=\"image.default\">\n\t\t\t\t<div class=\"elementor-widget-container\">\n\t\t\t\t\t\t\t\t\t\t\t\t\t\t\t<img loading=\"lazy\" decoding=\"async\" width=\"800\" height=\"659\" src=\"https:\/\/www.ttp-kunststoffprofile.de\/wp-content\/uploads\/2022\/06\/nee.jpeg\" class=\"attachment-large size-large wp-image-536\" alt=\"\" srcset=\"https:\/\/www.ttp-kunststoffprofile.de\/wp-content\/uploads\/2022\/06\/nee.jpeg 850w, https:\/\/www.ttp-kunststoffprofile.de\/wp-content\/uploads\/2022\/06\/nee-300x247.jpeg 300w, https:\/\/www.ttp-kunststoffprofile.de\/wp-content\/uploads\/2022\/06\/nee-768x632.jpeg 768w\" sizes=\"(max-width: 800px) 100vw, 800px\" \/>\t\t\t\t\t\t\t\t\t\t\t\t\t\t\t<\/div>\n\t\t\t\t<\/div>\n\t\t\t\t<div class=\"elementor-element elementor-element-2120fa6f elementor-widget elementor-widget-heading\" data-id=\"2120fa6f\" data-element_type=\"widget\" data-e-type=\"widget\" data-widget_type=\"heading.default\">\n\t\t\t\t<div class=\"elementor-widget-container\">\n\t\t\t\t\t<h4 class=\"elementor-heading-title elementor-size-default\">Maria Nee<\/h4>\t\t\t\t<\/div>\n\t\t\t\t<\/div>\n\t\t\t\t<div class=\"elementor-element elementor-element-7d9b7fc7 kontaktbox elementor-widget elementor-widget-text-editor\" data-id=\"7d9b7fc7\" data-element_type=\"widget\" data-e-type=\"widget\" data-widget_type=\"text-editor.default\">\n\t\t\t\t<div class=\"elementor-widget-container\">\n\t\t\t\t\t\t\t\t\t<p>E-Mail: <a href=\"mailto:mnee@ttp-papenburg.de\">mnee@ttp-papenburg.de<\/a><br \/>Telefon: <a href=\"tel::+494961914288\">+49 4961 914 288<\/a><\/p>\t\t\t\t\t\t\t\t<\/div>\n\t\t\t\t<\/div>\n\t\t\t\t<div class=\"elementor-element elementor-element-3e6252d1 elementor-widget elementor-widget-heading\" data-id=\"3e6252d1\" data-element_type=\"widget\" data-e-type=\"widget\" data-widget_type=\"heading.default\">\n\t\t\t\t<div class=\"elementor-widget-container\">\n\t\t\t\t\t<h4 class=\"elementor-heading-title elementor-size-default\">Gesch\u00e4ftszeiten<\/h4>\t\t\t\t<\/div>\n\t\t\t\t<\/div>\n\t\t\t\t<div class=\"elementor-element elementor-element-6cd77b2e elementor-widget elementor-widget-text-editor\" data-id=\"6cd77b2e\" data-element_type=\"widget\" data-e-type=\"widget\" data-widget_type=\"text-editor.default\">\n\t\t\t\t<div class=\"elementor-widget-container\">\n\t\t\t\t\t\t\t\t\t<p>Montag &#8211; Freitag<br \/>08:00 &#8211; 16:30 Uhr<\/p>\t\t\t\t\t\t\t\t<\/div>\n\t\t\t\t<\/div>\n\t\t\t\t<div class=\"elementor-element elementor-element-7089dbba elementor-widget elementor-widget-heading\" data-id=\"7089dbba\" data-element_type=\"widget\" data-e-type=\"widget\" data-widget_type=\"heading.default\">\n\t\t\t\t<div class=\"elementor-widget-container\">\n\t\t\t\t\t<h4 class=\"elementor-heading-title elementor-size-default\">Bei Fragen k\u00f6nnen Sie uns jederzeit gerne kontaktieren.<\/h4>\t\t\t\t<\/div>\n\t\t\t\t<\/div>\n\t\t\t\t<div class=\"elementor-element elementor-element-59bdadd5 elementor-align-justify elementor-widget elementor-widget-button\" data-id=\"59bdadd5\" data-element_type=\"widget\" data-e-type=\"widget\" data-widget_type=\"button.default\">\n\t\t\t\t<div class=\"elementor-widget-container\">\n\t\t\t\t\t\t\t\t\t<div class=\"elementor-button-wrapper\">\n\t\t\t\t\t<a class=\"elementor-button elementor-button-link elementor-size-lg elementor-animation-push\" href=\"mailto:mnee@ttp-papenburg.de\">\n\t\t\t\t\t\t<span class=\"elementor-button-content-wrapper\">\n\t\t\t\t\t\t\t\t\t<span class=\"elementor-button-text\">Mail<\/span>\n\t\t\t\t\t<\/span>\n\t\t\t\t\t<\/a>\n\t\t\t\t<\/div>\n\t\t\t\t\t\t\t\t<\/div>\n\t\t\t\t<\/div>\n\t\t\t\t\t<\/div>\n\t\t<\/div>\n\t\t\t\t\t<\/div>\n\t\t<\/section>\n\t\t<!-- dce invisible element 300064a2 -->\t\t<\/div>\n\t\t","protected":false},"excerpt":{"rendered":"<p>Holzfassade ohne Vergrauen &#8211; RESYSTA Fassadenprofile in HolzoptikIhre Holzfassade, die einst in einem satten Braunton schimmerte, verliert langsam an Farbe? Keine Panik, das ist der normale Lauf der Dinge. Im Folgenden erkl\u00e4ren wir, wie es zum Vergrauen Ihrer Holzfassade kommt und zeigen Ihnen eine L\u00f6sung, mit der Sie diese Sorge f\u00fcr immer los sind. Vorteile [&hellip;]<\/p>\n","protected":false},"author":1,"featured_media":0,"parent":2606,"menu_order":0,"comment_status":"closed","ping_status":"closed","template":"","meta":{"footnotes":""},"class_list":["post-2611","page","type-page","status-publish","hentry"],"yoast_head":"<!-- This site is optimized with the Yoast SEO plugin v27.4 - https:\/\/yoast.com\/product\/yoast-seo-wordpress\/ -->\n<title>Holzfassade ohne Vergrauen \u2013 RESYSTA Fassadenprofile in Holzoptik | TTP Kunststoffprofile<\/title>\n<meta name=\"description\" content=\"Gibt es eine Alternative zu Holzfassaden, die ihren Farbton beibeh\u00e4lt? RESYSTA Fassadenprofile in Holzoptik - die Alternative zu Holzfassaden ohne Vergrauen!\" \/>\n<meta name=\"robots\" content=\"index, follow, max-snippet:-1, max-image-preview:large, max-video-preview:-1\" \/>\n<link rel=\"canonical\" href=\"https:\/\/www.ttp-kunststoffprofile.de\/nl\/gids\/hout-facade-zonder-vergrijzing-2\/\" \/>\n<meta property=\"og:locale\" content=\"nl_NL\" \/>\n<meta property=\"og:type\" content=\"article\" \/>\n<meta property=\"og:title\" content=\"Holzfassade ohne Vergrauen \u2013 RESYSTA Fassadenprofile in Holzoptik | TTP Kunststoffprofile\" \/>\n<meta property=\"og:description\" content=\"Gibt es eine Alternative zu Holzfassaden, die ihren Farbton beibeh\u00e4lt? RESYSTA Fassadenprofile in Holzoptik - die Alternative zu Holzfassaden ohne Vergrauen!\" \/>\n<meta property=\"og:url\" content=\"https:\/\/www.ttp-kunststoffprofile.de\/nl\/gids\/hout-facade-zonder-vergrijzing-2\/\" \/>\n<meta property=\"og:site_name\" content=\"TTP Kunststoffprofile\" \/>\n<meta property=\"article:publisher\" content=\"https:\/\/www.facebook.com\/ttppapenburg\" \/>\n<meta property=\"article:modified_time\" content=\"2026-02-21T13:44:31+00:00\" \/>\n<meta property=\"og:image\" content=\"https:\/\/www.ttp-kunststoffprofile.de\/wp-content\/uploads\/elementor\/thumbs\/Fassadenprofile-in-Holzoptik-ohne-Vergrauen-py1mzpx473eeh7rtg893bb5fv496fq4ff8zh5fhomm.jpg\" \/>\n<meta name=\"twitter:card\" content=\"summary_large_image\" \/>\n<meta name=\"twitter:label1\" content=\"Geschatte leestijd\" \/>\n\t<meta name=\"twitter:data1\" content=\"6 minuten\" \/>\n<script type=\"application\/ld+json\" class=\"yoast-schema-graph\">{\"@context\":\"https:\\\/\\\/schema.org\",\"@graph\":[{\"@type\":\"WebPage\",\"@id\":\"https:\\\/\\\/www.ttp-kunststoffprofile.de\\\/ratgeber\\\/holzfassade-ohne-vergrauen\\\/\",\"url\":\"https:\\\/\\\/www.ttp-kunststoffprofile.de\\\/ratgeber\\\/holzfassade-ohne-vergrauen\\\/\",\"name\":\"Holzfassade ohne Vergrauen \u2013 RESYSTA Fassadenprofile in Holzoptik | TTP Kunststoffprofile\",\"isPartOf\":{\"@id\":\"https:\\\/\\\/www.ttp-kunststoffprofile.de\\\/#website\"},\"primaryImageOfPage\":{\"@id\":\"https:\\\/\\\/www.ttp-kunststoffprofile.de\\\/ratgeber\\\/holzfassade-ohne-vergrauen\\\/#primaryimage\"},\"image\":{\"@id\":\"https:\\\/\\\/www.ttp-kunststoffprofile.de\\\/ratgeber\\\/holzfassade-ohne-vergrauen\\\/#primaryimage\"},\"thumbnailUrl\":\"https:\\\/\\\/www.ttp-kunststoffprofile.de\\\/wp-content\\\/uploads\\\/elementor\\\/thumbs\\\/Fassadenprofile-in-Holzoptik-ohne-Vergrauen-py1mzpx473eeh7rtg893bb5fv496fq4ff8zh5fhomm.jpg\",\"datePublished\":\"2022-10-22T15:41:22+00:00\",\"dateModified\":\"2026-02-21T13:44:31+00:00\",\"description\":\"Gibt es eine Alternative zu Holzfassaden, die ihren Farbton beibeh\u00e4lt? RESYSTA Fassadenprofile in Holzoptik - die Alternative zu Holzfassaden ohne Vergrauen!\",\"breadcrumb\":{\"@id\":\"https:\\\/\\\/www.ttp-kunststoffprofile.de\\\/ratgeber\\\/holzfassade-ohne-vergrauen\\\/#breadcrumb\"},\"inLanguage\":\"nl-NL\",\"potentialAction\":[{\"@type\":\"ReadAction\",\"target\":[\"https:\\\/\\\/www.ttp-kunststoffprofile.de\\\/ratgeber\\\/holzfassade-ohne-vergrauen\\\/\"]}]},{\"@type\":\"ImageObject\",\"inLanguage\":\"nl-NL\",\"@id\":\"https:\\\/\\\/www.ttp-kunststoffprofile.de\\\/ratgeber\\\/holzfassade-ohne-vergrauen\\\/#primaryimage\",\"url\":\"https:\\\/\\\/www.ttp-kunststoffprofile.de\\\/wp-content\\\/uploads\\\/elementor\\\/thumbs\\\/Fassadenprofile-in-Holzoptik-ohne-Vergrauen-py1mzpx473eeh7rtg893bb5fv496fq4ff8zh5fhomm.jpg\",\"contentUrl\":\"https:\\\/\\\/www.ttp-kunststoffprofile.de\\\/wp-content\\\/uploads\\\/elementor\\\/thumbs\\\/Fassadenprofile-in-Holzoptik-ohne-Vergrauen-py1mzpx473eeh7rtg893bb5fv496fq4ff8zh5fhomm.jpg\"},{\"@type\":\"BreadcrumbList\",\"@id\":\"https:\\\/\\\/www.ttp-kunststoffprofile.de\\\/ratgeber\\\/holzfassade-ohne-vergrauen\\\/#breadcrumb\",\"itemListElement\":[{\"@type\":\"ListItem\",\"position\":1,\"name\":\"Startseite\",\"item\":\"https:\\\/\\\/www.ttp-kunststoffprofile.de\\\/\"},{\"@type\":\"ListItem\",\"position\":2,\"name\":\"Ratgeber\",\"item\":\"https:\\\/\\\/www.ttp-kunststoffprofile.de\\\/?page_id=2606\"},{\"@type\":\"ListItem\",\"position\":3,\"name\":\"Holzfassade ohne Vergrauen \u2013 RESYSTA Fassadenprofile in Holzoptik\"}]},{\"@type\":\"WebSite\",\"@id\":\"https:\\\/\\\/www.ttp-kunststoffprofile.de\\\/#website\",\"url\":\"https:\\\/\\\/www.ttp-kunststoffprofile.de\\\/\",\"name\":\"TTP Kunststoffprofile\",\"description\":\"Hersteller f\u00fcr Kunststoffprofile\",\"publisher\":{\"@id\":\"https:\\\/\\\/www.ttp-kunststoffprofile.de\\\/#organization\"},\"potentialAction\":[{\"@type\":\"SearchAction\",\"target\":{\"@type\":\"EntryPoint\",\"urlTemplate\":\"https:\\\/\\\/www.ttp-kunststoffprofile.de\\\/?s={search_term_string}\"},\"query-input\":{\"@type\":\"PropertyValueSpecification\",\"valueRequired\":true,\"valueName\":\"search_term_string\"}}],\"inLanguage\":\"nl-NL\"},{\"@type\":\"Organization\",\"@id\":\"https:\\\/\\\/www.ttp-kunststoffprofile.de\\\/#organization\",\"name\":\"ttp Papenburg\",\"url\":\"https:\\\/\\\/www.ttp-kunststoffprofile.de\\\/\",\"logo\":{\"@type\":\"ImageObject\",\"inLanguage\":\"nl-NL\",\"@id\":\"https:\\\/\\\/www.ttp-kunststoffprofile.de\\\/#\\\/schema\\\/logo\\\/image\\\/\",\"url\":\"https:\\\/\\\/www.ttp-kunststoffprofile.de\\\/wp-content\\\/uploads\\\/2022\\\/06\\\/TTP_Papenburg_Logo-scaled-1.jpg\",\"contentUrl\":\"https:\\\/\\\/www.ttp-kunststoffprofile.de\\\/wp-content\\\/uploads\\\/2022\\\/06\\\/TTP_Papenburg_Logo-scaled-1.jpg\",\"width\":2560,\"height\":1732,\"caption\":\"ttp Papenburg\"},\"image\":{\"@id\":\"https:\\\/\\\/www.ttp-kunststoffprofile.de\\\/#\\\/schema\\\/logo\\\/image\\\/\"},\"sameAs\":[\"https:\\\/\\\/www.facebook.com\\\/ttppapenburg\",\"https:\\\/\\\/www.instagram.com\\\/ttppapenburg\\\/\",\"https:\\\/\\\/www.youtube.com\\\/@ttppapenburg\",\"https:\\\/\\\/www.linkedin.com\\\/company\\\/ttp-papenburg\\\/\"]}]}<\/script>\n<!-- \/ Yoast SEO plugin. -->","yoast_head_json":{"title":"Houten gevel zonder vergrijzing - RESYSTA gevelprofielen in houtlook | TTP kunststofprofielen","description":"Is er een alternatief voor houten gevels dat zijn kleur behoudt? RESYSTA gevelprofielen in houtlook - het alternatief voor houten gevels zonder vergrijzing!","robots":{"index":"index","follow":"follow","max-snippet":"max-snippet:-1","max-image-preview":"max-image-preview:large","max-video-preview":"max-video-preview:-1"},"canonical":"https:\/\/www.ttp-kunststoffprofile.de\/nl\/gids\/hout-facade-zonder-vergrijzing-2\/","og_locale":"nl_NL","og_type":"article","og_title":"Holzfassade ohne Vergrauen \u2013 RESYSTA Fassadenprofile in Holzoptik | TTP Kunststoffprofile","og_description":"Gibt es eine Alternative zu Holzfassaden, die ihren Farbton beibeh\u00e4lt? RESYSTA Fassadenprofile in Holzoptik - die Alternative zu Holzfassaden ohne Vergrauen!","og_url":"https:\/\/www.ttp-kunststoffprofile.de\/nl\/gids\/hout-facade-zonder-vergrijzing-2\/","og_site_name":"TTP Kunststoffprofile","article_publisher":"https:\/\/www.facebook.com\/ttppapenburg","article_modified_time":"2026-02-21T13:44:31+00:00","og_image":[{"url":"https:\/\/www.ttp-kunststoffprofile.de\/wp-content\/uploads\/elementor\/thumbs\/Fassadenprofile-in-Holzoptik-ohne-Vergrauen-py1mzpx473eeh7rtg893bb5fv496fq4ff8zh5fhomm.jpg","type":"","width":"","height":""}],"twitter_card":"summary_large_image","twitter_misc":{"Geschatte leestijd":"6 minuten"},"schema":{"@context":"https:\/\/schema.org","@graph":[{"@type":"WebPage","@id":"https:\/\/www.ttp-kunststoffprofile.de\/ratgeber\/holzfassade-ohne-vergrauen\/","url":"https:\/\/www.ttp-kunststoffprofile.de\/ratgeber\/holzfassade-ohne-vergrauen\/","name":"Houten gevel zonder vergrijzing - RESYSTA gevelprofielen in houtlook | TTP kunststofprofielen","isPartOf":{"@id":"https:\/\/www.ttp-kunststoffprofile.de\/#website"},"primaryImageOfPage":{"@id":"https:\/\/www.ttp-kunststoffprofile.de\/ratgeber\/holzfassade-ohne-vergrauen\/#primaryimage"},"image":{"@id":"https:\/\/www.ttp-kunststoffprofile.de\/ratgeber\/holzfassade-ohne-vergrauen\/#primaryimage"},"thumbnailUrl":"https:\/\/www.ttp-kunststoffprofile.de\/wp-content\/uploads\/elementor\/thumbs\/Fassadenprofile-in-Holzoptik-ohne-Vergrauen-py1mzpx473eeh7rtg893bb5fv496fq4ff8zh5fhomm.jpg","datePublished":"2022-10-22T15:41:22+00:00","dateModified":"2026-02-21T13:44:31+00:00","description":"Is er een alternatief voor houten gevels dat zijn kleur behoudt? RESYSTA gevelprofielen in houtlook - het alternatief voor houten gevels zonder vergrijzing!","breadcrumb":{"@id":"https:\/\/www.ttp-kunststoffprofile.de\/ratgeber\/holzfassade-ohne-vergrauen\/#breadcrumb"},"inLanguage":"nl-NL","potentialAction":[{"@type":"ReadAction","target":["https:\/\/www.ttp-kunststoffprofile.de\/ratgeber\/holzfassade-ohne-vergrauen\/"]}]},{"@type":"ImageObject","inLanguage":"nl-NL","@id":"https:\/\/www.ttp-kunststoffprofile.de\/ratgeber\/holzfassade-ohne-vergrauen\/#primaryimage","url":"https:\/\/www.ttp-kunststoffprofile.de\/wp-content\/uploads\/elementor\/thumbs\/Fassadenprofile-in-Holzoptik-ohne-Vergrauen-py1mzpx473eeh7rtg893bb5fv496fq4ff8zh5fhomm.jpg","contentUrl":"https:\/\/www.ttp-kunststoffprofile.de\/wp-content\/uploads\/elementor\/thumbs\/Fassadenprofile-in-Holzoptik-ohne-Vergrauen-py1mzpx473eeh7rtg893bb5fv496fq4ff8zh5fhomm.jpg"},{"@type":"BreadcrumbList","@id":"https:\/\/www.ttp-kunststoffprofile.de\/ratgeber\/holzfassade-ohne-vergrauen\/#breadcrumb","itemListElement":[{"@type":"ListItem","position":1,"name":"Startseite","item":"https:\/\/www.ttp-kunststoffprofile.de\/"},{"@type":"ListItem","position":2,"name":"Ratgeber","item":"https:\/\/www.ttp-kunststoffprofile.de\/?page_id=2606"},{"@type":"ListItem","position":3,"name":"Holzfassade ohne Vergrauen \u2013 RESYSTA Fassadenprofile in Holzoptik"}]},{"@type":"WebSite","@id":"https:\/\/www.ttp-kunststoffprofile.de\/#website","url":"https:\/\/www.ttp-kunststoffprofile.de\/","name":"TTP kunststofprofielen","description":"Fabrikant van kunststofprofielen","publisher":{"@id":"https:\/\/www.ttp-kunststoffprofile.de\/#organization"},"potentialAction":[{"@type":"SearchAction","target":{"@type":"EntryPoint","urlTemplate":"https:\/\/www.ttp-kunststoffprofile.de\/?s={search_term_string}"},"query-input":{"@type":"PropertyValueSpecification","valueRequired":true,"valueName":"search_term_string"}}],"inLanguage":"nl-NL"},{"@type":"Organization","@id":"https:\/\/www.ttp-kunststoffprofile.de\/#organization","name":"ttp Papenburg","url":"https:\/\/www.ttp-kunststoffprofile.de\/","logo":{"@type":"ImageObject","inLanguage":"nl-NL","@id":"https:\/\/www.ttp-kunststoffprofile.de\/#\/schema\/logo\/image\/","url":"https:\/\/www.ttp-kunststoffprofile.de\/wp-content\/uploads\/2022\/06\/TTP_Papenburg_Logo-scaled-1.jpg","contentUrl":"https:\/\/www.ttp-kunststoffprofile.de\/wp-content\/uploads\/2022\/06\/TTP_Papenburg_Logo-scaled-1.jpg","width":2560,"height":1732,"caption":"ttp Papenburg"},"image":{"@id":"https:\/\/www.ttp-kunststoffprofile.de\/#\/schema\/logo\/image\/"},"sameAs":["https:\/\/www.facebook.com\/ttppapenburg","https:\/\/www.instagram.com\/ttppapenburg\/","https:\/\/www.youtube.com\/@ttppapenburg","https:\/\/www.linkedin.com\/company\/ttp-papenburg\/"]}]}},"_links":{"self":[{"href":"https:\/\/www.ttp-kunststoffprofile.de\/nl\/wp-json\/wp\/v2\/pages\/2611","targetHints":{"allow":["GET"]}}],"collection":[{"href":"https:\/\/www.ttp-kunststoffprofile.de\/nl\/wp-json\/wp\/v2\/pages"}],"about":[{"href":"https:\/\/www.ttp-kunststoffprofile.de\/nl\/wp-json\/wp\/v2\/types\/page"}],"author":[{"embeddable":true,"href":"https:\/\/www.ttp-kunststoffprofile.de\/nl\/wp-json\/wp\/v2\/users\/1"}],"replies":[{"embeddable":true,"href":"https:\/\/www.ttp-kunststoffprofile.de\/nl\/wp-json\/wp\/v2\/comments?post=2611"}],"version-history":[{"count":10,"href":"https:\/\/www.ttp-kunststoffprofile.de\/nl\/wp-json\/wp\/v2\/pages\/2611\/revisions"}],"predecessor-version":[{"id":4430,"href":"https:\/\/www.ttp-kunststoffprofile.de\/nl\/wp-json\/wp\/v2\/pages\/2611\/revisions\/4430"}],"up":[{"embeddable":true,"href":"https:\/\/www.ttp-kunststoffprofile.de\/nl\/wp-json\/wp\/v2\/pages\/2606"}],"wp:attachment":[{"href":"https:\/\/www.ttp-kunststoffprofile.de\/nl\/wp-json\/wp\/v2\/media?parent=2611"}],"curies":[{"name":"wp","href":"https:\/\/api.w.org\/{rel}","templated":true}]}}